{"id":27005659,"date":"2026-07-13T08:34:27","date_gmt":"2026-07-13T06:34:27","guid":{"rendered":"https:\/\/otticarepetti.sviluppo.host\/?page_id=27005659"},"modified":"2026-07-14T13:48:25","modified_gmt":"2026-07-14T11:48:25","slug":"occhiali-da-sole","status":"publish","type":"page","link":"https:\/\/otticarepetti.sviluppo.host\/index.php\/occhiali-da-sole\/","title":{"rendered":"occhiali da sole"},"content":{"rendered":"<div class=\"et_pb_section_0 et_pb_section et_section_regular et_block_section\">\n<div class=\"et_pb_row_0 et_pb_row et_flex_row\">\n<div class=\"et_pb_column_0 et_pb_column et_block_column et_pb_column_empty et_pb_css_mix_blend_mode_passthrough et_flex_column_12_24 et_flex_column_12_24_tablet et_flex_column_24_24_phone\"><\/div>\n\n<div class=\"et_pb_column_1 et_pb_column et-last-child et_block_column et_pb_css_mix_blend_mode_passthrough et_flex_column_12_24 et_flex_column_12_24_tablet et_flex_column_24_24_phone\">\n<div class=\"et_pb_image_0 et_pb_image et_pb_module et_flex_module\"><span class=\"et_pb_image_wrap\"><img loading=\"lazy\" decoding=\"async\" src=\"https:\/\/otticarepetti.sviluppo.host\/wp-content\/uploads\/2026\/07\/ottica-repetti-vogliotti-torino-logo.jpg\" title=\"ottica-repetti-vogliotti-torino-logo\" width=\"1915\" height=\"1236\" srcset=\"https:\/\/otticarepetti.sviluppo.host\/wp-content\/uploads\/2026\/07\/ottica-repetti-vogliotti-torino-logo.jpg 1915w, https:\/\/otticarepetti.sviluppo.host\/wp-content\/uploads\/2026\/07\/ottica-repetti-vogliotti-torino-logo-1280x826.jpg 1280w, https:\/\/otticarepetti.sviluppo.host\/wp-content\/uploads\/2026\/07\/ottica-repetti-vogliotti-torino-logo-980x633.jpg 980w, https:\/\/otticarepetti.sviluppo.host\/wp-content\/uploads\/2026\/07\/ottica-repetti-vogliotti-torino-logo-480x310.jpg 480w\" sizes=\"(min-width: 0px) and (max-width: 480px) 480px, (min-width: 481px) and (max-width: 980px) 980px, (min-width: 981px) and (max-width: 1280px) 1280px, (min-width: 1281px) 1915px, 100vw\" class=\"wp-image-27005654\" \/><\/span><\/div>\n\n<div class=\"et_pb_text_0 et_pb_text et_pb_bg_layout_light et_pb_module et_block_module\"><div class=\"et_pb_text_inner\"><p>Occhiali da sole .<\/p>\n<\/div><\/div>\n\n<div class=\"et_pb_text_1 et_pb_text et_pb_bg_layout_light et_pb_module et_flex_module\"><div class=\"et_pb_text_inner\"><p style=\"text-align: justify;\">Proteggi i tuoi occhi senza rinunciare allo stile. Da Ottica Repetti Vogliotti trovi un&#8217;ampia selezione di occhiali da sole a Torino delle migliori marche, pensati per offrire la massima protezione dai raggi UV, un elevato comfort visivo e un design capace di valorizzare ogni volto.<\/p>\n<p style=\"text-align: justify;\">Ti aiutiamo a scegliere la montatura e le lenti pi\u00f9 adatte alle tue esigenze, con la possibilit\u00e0 di realizzare occhiali da sole graduati, personalizzare le lenti fotocromatiche o scegliere lenti polarizzate per ridurre i riflessi e migliorare la qualit\u00e0 della visione durante la guida, lo sport e il tempo libero.<\/p>\n<\/div><\/div>\n\n<div class=\"dnxte_next_blurb_0 dnxte_next_blurb et_pb_module et_flex_module\"><div class=\"example_static_module__inner\"><div class=\"dnxt-blurb-wrapper-outer  dnxt-hover-hang\" style=\"\"><div class=\"dnxt-blurb-wrapper dnxt-blurb-wrapper-one_image_placement_left-center\"><div class=\"dnxt-blurb-wrapper-two-left-center\"><div class=\"dnxt-blurb-icon dnxt-blurb-icon-left-center\"><span class=\"et-pb-icon\">\uf03a<\/span><\/div><div class=\"dnxt-blurb-container\"><div class=\"dnxt-blurb-heading-wrapper\"><p class=\"dnxt-blurb-heading\">Ampia scelta di marchi<\/p><\/div><div class=\"dnxt-blurb-description\">Dai marchi pi\u00f9 alla moda a quelli pi\u00f9 ricercati, con lenti polarizzate e non, disponibili in tantissimi colori e stili.\n\n<\/div><\/div><\/div><\/div><\/div><\/div><\/div>\n\n<div class=\"dnxte_next_blurb_1 dnxte_next_blurb et_pb_module et_flex_module\"><div class=\"example_static_module__inner\"><div class=\"dnxt-blurb-wrapper-outer  dnxt-hover-hang\" style=\"\"><div class=\"dnxt-blurb-wrapper dnxt-blurb-wrapper-one_image_placement_left-center\"><div class=\"dnxt-blurb-wrapper-two-left-center\"><div class=\"dnxt-blurb-icon dnxt-blurb-icon-left-center\"><span class=\"et-pb-icon\">\uf530<\/span><\/div><div class=\"dnxt-blurb-container\"><div class=\"dnxt-blurb-heading-wrapper\"><p class=\"dnxt-blurb-heading\">Personalizzazione dell\u2019occhiale<\/p><\/div><div class=\"dnxt-blurb-description\">Scegli tra montature leggere o pi\u00f9 robuste, in base alle preferenze di stile e alle esigenze quotidiane.\n\n\n<\/div><\/div><\/div><\/div><\/div><\/div><\/div>\n\n<div class=\"dnxte_next_blurb_2 dnxte_next_blurb et_pb_module et_flex_module\"><div class=\"example_static_module__inner\"><div class=\"dnxt-blurb-wrapper-outer  dnxt-hover-hang\" style=\"\"><div class=\"dnxt-blurb-wrapper dnxt-blurb-wrapper-one_image_placement_left-center\"><div class=\"dnxt-blurb-wrapper-two-left-center\"><div class=\"dnxt-blurb-icon dnxt-blurb-icon-left-center\"><span class=\"et-pb-icon\">\uf075<\/span><\/div><div class=\"dnxt-blurb-container\"><div class=\"dnxt-blurb-heading-wrapper\"><p class=\"dnxt-blurb-heading\">Consulenza<\/p><\/div><div class=\"dnxt-blurb-description\">Ti aiutiamo a trovare il paio di occhiali da sole che meglio si adatta al tuo stile di vita e al tipo di utilizzo.\n\n\n<\/div><\/div><\/div><\/div><\/div><\/div><\/div>\n<\/div>\n<\/div>\n<\/div>\n\n<div class=\"et_pb_section_1 et_pb_section et_section_regular et_flex_section\">\n<div class=\"et_pb_row_1 et_pb_row et_flex_row\">\n<div class=\"et_pb_column_2 et_pb_column et_flex_column et_pb_css_mix_blend_mode_passthrough et_flex_column_6_24 et_flex_column_6_24_tablet et_flex_column_24_24_phone\">\n<div class=\"dipi_table_of_content_0 dipi_table_of_content et_pb_bg_layout_light et_pb_module\">\n                <div class=\"dipi-toc open\" data-dipi-toc=\"eyJoZWFkaW5nVGFncyI6Im9mZnxvZmZ8b258b258b258b2ZmIiwiZ2VuZXJhdGVGb3JXaG9sZVBhZ2UiOiJvbiIsImV4Y2x1ZGVfc2VsZWN0b3IiOiIiLCJjb250YWluZXJfZXhjbHVkZV9zZWxlY3RvciI6IiIsInNlY3Rpb25TZWxlY3RvciI6IiIsInNpbXBsaWZ5X3RpdGxlX2lkIjoib2ZmIiwic2hvd19saXN0X251bWJlcnMiOiJvZmYiLCJzaG93X3plcm9fcHJlZml4Ijoib24iLCJzY3JvbGxfb2Zmc2V0IjoiMTAwfDEwMHwxMDAiLCJvcmRlcl9jbGFzcyI6ImRpcGlfdGFibGVfb2ZfY29udGVudF8wIiwiY29sbGFwc2libGUiOiJvbiIsImNvbGxhcHNpYmxlX3RhYmxlIjoib258b2ZmfG9mZiIsImNsb3NlZF9kZWZhdWx0Ijoib2ZmfG9mZnxvZmYiLCJjbG9zZV9vbl9jbGljayI6Im9mZnxvZmZ8b2ZmIiwiaWNvbiI6IjkifQ==\">\n                    <div class=\"dipi-toc__title\">\n                <h2>\n                    \n                    <span class=\"dipi-toc_header-content\">In questa pagina<\/span>\n                <\/h2>\n            <\/div>\n                    <div class=\"dipi-toc__collapse\">\n                        <div class=\"dipi-toc__list\"><\/div>\n                    <\/div>\n                <\/div><\/div>\n<\/div>\n\n<div class=\"et_pb_column_3 et_pb_column et-last-child et_flex_column et_pb_css_mix_blend_mode_passthrough et_flex_column_18_24 et_flex_column_18_24_tablet et_flex_column_24_24_phone\">\n<div class=\"dipi_parallax_images_0 dipi_parallax_images et_pb_bg_layout_light et_pb_module\">\n\t\t\t\t<div class=\"dipi-parallax-images\" data-hoveronly=\"off\">\n\t\t\t\t\t\n<div class=\"dipi_parallax_images_item_0 dipi_parallax_images_item et_pb_bg_layout_light et_pb_module\">\n            <div class=\"dipi-pi-item-image\" \n                data-depth-x=\"0.1\" data-depth-x-tablet=\"0.1\" data-depth-x-phone=\"0.1\"\n                data-depth-y=\"0.1\" data-depth-y-tablet=\"0.1\" data-depth-y-phone=\"0.1\"\n            >\n                <img decoding=\"async\" src=\"https:\/\/otticarepetti.sviluppo.host\/wp-content\/uploads\/2026\/07\/rayban.jpg\" alt=\"\" \/>\n            <\/div><\/div>\n\n\t\t\t\t<\/div>\n        \t<\/div>\n<\/div>\n<\/div>\n\n<div class=\"et_pb_row_2 et_pb_row et_flex_row\">\n<div class=\"et_pb_column_4 et_pb_column et-last-child et_flex_column et_pb_css_mix_blend_mode_passthrough et_flex_column_24_24 et_flex_column_24_24_tablet et_flex_column_24_24_phone\">\n<div class=\"dipi_carousel_0 dipi_carousel et_pb_bg_layout_light et_pb_module\">\n\t\t    <div class=\"dipi-carousel-main hide_lightbox hide_lightbox_tablet hide_lightbox_phone preloading\" data-columnsphone=\"3\"\n\t\t    data-columnstablet=\"4\"\n\t\t    data-columnsdesktop=\"5\"\n\t\t    data-spacebetween=\"50\"\n\t\t    data-loop=\"on\"\n\t\t    data-speed=\"12000|12000|12000\"\n\t\t    data-navigation=\"on\"\n\t\t    data-pagination=\"on\"\n\t\t    data-autoplay=\"on\"\n\t\t    data-autoplayspeed=\"5000\"\n\t\t    data-pauseonhover=\"on\"\n\t\t    data-effect=\"slide\"\n\t\t    data-rotate=\"50\"\n\t\t    data-dynamicbullets=\"off\"\n\t\t    data-ordernumber=\"0\"\n\t\t    data-centered=\"off\"\n\t\t    data-spacebetween_tablet=\"60\"\n\t\t    data-spacebetween_phone=\"30\"\n\t\t    data-shadow=\"true\"\n\t\t    data-breakpoints=\"{&quot;768&quot;:{&quot;columns&quot;:&quot;4&quot;,&quot;spaceBetween&quot;:&quot;60&quot;},&quot;981&quot;:{&quot;columns&quot;:&quot;5&quot;,&quot;spaceBetween&quot;:&quot;50&quot;}}\"\n\t\t    data-baseconfig=\"{&quot;columns&quot;:&quot;3&quot;,&quot;spaceBetween&quot;:&quot;30&quot;}\"\n            data-autoplay_settigns={&quot;loop_wide&quot;:&quot;on&quot;,&quot;loop_mid&quot;:&quot;on&quot;,&quot;loop_small&quot;:&quot;on&quot;,&quot;autoplay_wide&quot;:&quot;on&quot;,&quot;autoplay_mid&quot;:&quot;on&quot;,&quot;autoplay_small&quot;:&quot;on&quot;,&quot;continues_wide&quot;:&quot;on&quot;,&quot;continues_mid&quot;:&quot;on&quot;,&quot;continues_small&quot;:&quot;on&quot;,&quot;autoplay_reverse_wide&quot;:&quot;off&quot;,&quot;autoplay_reverse_mid&quot;:&quot;off&quot;,&quot;autoplay_reverse_small&quot;:&quot;off&quot;,&quot;pause_on_hover_wide&quot;:&quot;on&quot;,&quot;pause_on_hover_mid&quot;:&quot;on&quot;,&quot;pause_on_hover_small&quot;:&quot;on&quot;,&quot;autoplay_speed_wide&quot;:&quot;5000&quot;,&quot;autoplay_speed_mid&quot;:&quot;5000&quot;,&quot;autoplay_speed_small&quot;:&quot;5000&quot;} data-allow_touch_move=off data-allow_touch_move_t=off data-allow_touch_move_p=off\n            data-navigation_t=\"off\"\n            data-navigation_m=\"off\"\n            data-pagination_t=\"off\"\n            data-pagination_m=\"off\">\n\t\t        <div class=\"swiper-container\">\n\t\t            <div class=\"dipi-carousel-wrapper\">\n\t\t                \n<div class=\"dipi_carousel_child_0 dipi_carousel_child et_pb_bg_layout_light et_pb_module\">\n            <div class=\"dipi-carousel-child-wrapper\">\n                \n                <div class=\"dipi-image-wrap\"><span class=\"dipi-carousel-image  \" href=\"https:\/\/otticarepetti.sviluppo.host\/wp-content\/uploads\/2026\/07\/logo-kador.webp\"  >\n                        <img decoding=\"async\" src=\"https:\/\/otticarepetti.sviluppo.host\/wp-content\/uploads\/2026\/07\/logo-kador.webp\" alt=\"\" class=\" dipi-c-img\" \/>\n                        \n                    <\/span><\/div>\n                \n                \n                    \n                    \n                    \n                    \n                    \n                \n            <\/div><\/div>\n\n<div class=\"dipi_carousel_child_1 dipi_carousel_child et_pb_bg_layout_light et_pb_module\">\n            <div class=\"dipi-carousel-child-wrapper\">\n                \n                <div class=\"dipi-image-wrap\"><span class=\"dipi-carousel-image  \" href=\"https:\/\/otticarepetti.sviluppo.host\/wp-content\/uploads\/2026\/07\/logo-zeiss.webp\"  >\n                        <img decoding=\"async\" src=\"https:\/\/otticarepetti.sviluppo.host\/wp-content\/uploads\/2026\/07\/logo-zeiss.webp\" alt=\"\" class=\" dipi-c-img\" \/>\n                        \n                    <\/span><\/div>\n                \n                \n                    \n                    \n                    \n                    \n                    \n                \n            <\/div><\/div>\n\n<div class=\"dipi_carousel_child_2 dipi_carousel_child et_pb_bg_layout_light et_pb_module\">\n            <div class=\"dipi-carousel-child-wrapper\">\n                \n                <div class=\"dipi-image-wrap\"><span class=\"dipi-carousel-image  \" href=\"https:\/\/otticarepetti.sviluppo.host\/wp-content\/uploads\/2026\/07\/hoya-logo.webp\"  >\n                        <img decoding=\"async\" src=\"https:\/\/otticarepetti.sviluppo.host\/wp-content\/uploads\/2026\/07\/hoya-logo.webp\" alt=\"\" class=\" dipi-c-img\" \/>\n                        \n                    <\/span><\/div>\n                \n                \n                    \n                    \n                    \n                    \n                    \n                \n            <\/div><\/div>\n\n<div class=\"dipi_carousel_child_3 dipi_carousel_child et_pb_bg_layout_light et_pb_module\">\n            <div class=\"dipi-carousel-child-wrapper\">\n                \n                <div class=\"dipi-image-wrap\"><span class=\"dipi-carousel-image  \" href=\"https:\/\/otticarepetti.sviluppo.host\/wp-content\/uploads\/2026\/07\/michael-kors-logo.webp\"  >\n                        <img decoding=\"async\" src=\"https:\/\/otticarepetti.sviluppo.host\/wp-content\/uploads\/2026\/07\/michael-kors-logo.webp\" alt=\"\" class=\" dipi-c-img\" \/>\n                        \n                    <\/span><\/div>\n                \n                \n                    \n                    \n                    \n                    \n                    \n                \n            <\/div><\/div>\n\n<div class=\"dipi_carousel_child_4 dipi_carousel_child et_pb_bg_layout_light et_pb_module\">\n            <div class=\"dipi-carousel-child-wrapper\">\n                \n                <div class=\"dipi-image-wrap\"><span class=\"dipi-carousel-image  \" href=\"https:\/\/otticarepetti.sviluppo.host\/wp-content\/uploads\/2026\/07\/ralph-eyewear-logo.webp\"  >\n                        <img decoding=\"async\" src=\"https:\/\/otticarepetti.sviluppo.host\/wp-content\/uploads\/2026\/07\/ralph-eyewear-logo.webp\" alt=\"\" class=\" dipi-c-img\" \/>\n                        \n                    <\/span><\/div>\n                \n                \n                    \n                    \n                    \n                    \n                    \n                \n            <\/div><\/div>\n\n<div class=\"dipi_carousel_child_5 dipi_carousel_child et_pb_bg_layout_light et_pb_module\">\n            <div class=\"dipi-carousel-child-wrapper\">\n                \n                <div class=\"dipi-image-wrap\"><span class=\"dipi-carousel-image  \" href=\"https:\/\/otticarepetti.sviluppo.host\/wp-content\/uploads\/2026\/07\/ray-ban-logo.webp\"  >\n                        <img decoding=\"async\" src=\"https:\/\/otticarepetti.sviluppo.host\/wp-content\/uploads\/2026\/07\/ray-ban-logo.webp\" alt=\"\" class=\" dipi-c-img\" \/>\n                        \n                    <\/span><\/div>\n                \n                \n                    \n                    \n                    \n                    \n                    \n                \n            <\/div><\/div>\n\n<div class=\"dipi_carousel_child_6 dipi_carousel_child et_pb_bg_layout_light et_pb_module\">\n            <div class=\"dipi-carousel-child-wrapper\">\n                \n                <div class=\"dipi-image-wrap\"><span class=\"dipi-carousel-image  \" href=\"https:\/\/otticarepetti.sviluppo.host\/wp-content\/uploads\/2026\/07\/vogue-logo.webp\"  >\n                        <img decoding=\"async\" src=\"https:\/\/otticarepetti.sviluppo.host\/wp-content\/uploads\/2026\/07\/vogue-logo.webp\" alt=\"\" class=\" dipi-c-img\" \/>\n                        \n                    <\/span><\/div>\n                \n                \n                    \n                    \n                    \n                    \n                    \n                \n            <\/div><\/div>\n\n<div class=\"dipi_carousel_child_7 dipi_carousel_child et_pb_bg_layout_light et_pb_module\">\n            <div class=\"dipi-carousel-child-wrapper\">\n                \n                <div class=\"dipi-image-wrap\"><span class=\"dipi-carousel-image  \" href=\"https:\/\/otticarepetti.sviluppo.host\/wp-content\/uploads\/2026\/07\/ralph-lauren-logo.webp\"  >\n                        <img decoding=\"async\" src=\"https:\/\/otticarepetti.sviluppo.host\/wp-content\/uploads\/2026\/07\/ralph-lauren-logo.webp\" alt=\"\" class=\" dipi-c-img\" \/>\n                        \n                    <\/span><\/div>\n                \n                \n                    \n                    \n                    \n                    \n                    \n                \n            <\/div><\/div>\n\n<div class=\"dipi_carousel_child_8 dipi_carousel_child et_pb_bg_layout_light et_pb_module\">\n            <div class=\"dipi-carousel-child-wrapper\">\n                \n                <div class=\"dipi-image-wrap\"><span class=\"dipi-carousel-image  \" href=\"https:\/\/otticarepetti.sviluppo.host\/wp-content\/uploads\/2026\/07\/emporio-armani-logo.webp\"  >\n                        <img decoding=\"async\" src=\"https:\/\/otticarepetti.sviluppo.host\/wp-content\/uploads\/2026\/07\/emporio-armani-logo.webp\" alt=\"\" class=\" dipi-c-img\" \/>\n                        \n                    <\/span><\/div>\n                \n                \n                    \n                    \n                    \n                    \n                    \n                \n            <\/div><\/div>\n\n\t\t            <\/div>\n\t\t        <\/div>\n\t\t        <div class=\"swiper-button-next swiper-arrow-button dipi-sbn0  hide_on_desktop hide_on_tablet hide_on_phone\" data-icon=\"&#x39;\"><\/div>\n\t\t    <div class=\"swiper-button-prev swiper-arrow-button dipi-sbp0  hide_on_desktop hide_on_tablet hide_on_phone\" data-icon=\"&#x38;\"><\/div>\n\t\t        <div class=\"swiper-container-horizontal\">\n\t\t            <div class=\"swiper-pagination dipi-sp0 hide_on_desktop hide_on_tablet hide_on_phone\"><\/div>\n\t\t        <\/div>\n\t\t    <\/div><\/div>\n<\/div>\n<\/div>\n\n<div class=\"et_pb_row_3 et_pb_row et_flex_row\">\n<div class=\"et_pb_column_5 et_pb_column et-last-child et_flex_column et_pb_css_mix_blend_mode_passthrough et_flex_column_24_24 et_flex_column_24_24_tablet et_flex_column_24_24_phone\">\n<div class=\"et_pb_text_2 et_pb_text et_pb_bg_layout_light et_pb_module et_block_module\"><div class=\"et_pb_text_inner\"><h3 style=\"text-align: center;\">Come scegliere gli occhiali da sole giusti<\/h3>\n<\/div><\/div>\n\n<div class=\"et_pb_text_3 et_pb_text et_pb_bg_layout_light et_pb_module et_block_module\"><div class=\"et_pb_text_inner\"><h1 style=\"text-align: center;\">Scopri come scegliere gli occhiali da sole pi\u00f9 adatti al tuo viso, alle tue abitudini e alle tue esigenze, valutando protezione UV, materiali, comfort e tipologia di lenti.<\/h1>\n<\/div><\/div>\n<\/div>\n<\/div>\n\n<div class=\"et_pb_row_4 et_pb_row et_flex_row\">\n<div class=\"et_pb_column_6 et_pb_column et_block_column et_pb_css_mix_blend_mode_passthrough et_flex_column_12_24 et_flex_column_12_24_tablet et_flex_column_24_24_phone\">\n<div class=\"et_pb_image_1 et_pb_image et_pb_module et_flex_module\"><span class=\"et_pb_image_wrap\"><img loading=\"lazy\" decoding=\"async\" src=\"https:\/\/otticarepetti.sviluppo.host\/wp-content\/uploads\/2026\/07\/occhiali-da-sole-per-la-guida.jpg\" title=\"occhiali-da-sole-per-la-guida\" width=\"1536\" height=\"1024\" srcset=\"https:\/\/otticarepetti.sviluppo.host\/wp-content\/uploads\/2026\/07\/occhiali-da-sole-per-la-guida.jpg 1536w, https:\/\/otticarepetti.sviluppo.host\/wp-content\/uploads\/2026\/07\/occhiali-da-sole-per-la-guida-1280x853.jpg 1280w, https:\/\/otticarepetti.sviluppo.host\/wp-content\/uploads\/2026\/07\/occhiali-da-sole-per-la-guida-980x653.jpg 980w, https:\/\/otticarepetti.sviluppo.host\/wp-content\/uploads\/2026\/07\/occhiali-da-sole-per-la-guida-480x320.jpg 480w\" sizes=\"(min-width: 0px) and (max-width: 480px) 480px, (min-width: 481px) and (max-width: 980px) 980px, (min-width: 981px) and (max-width: 1280px) 1280px, (min-width: 1281px) 1536px, 100vw\" class=\"wp-image-27005856\" \/><\/span><\/div>\n\n<div class=\"dnxte_next_blurb_3 dnxte_next_blurb et_pb_module et_flex_module\"><div class=\"example_static_module__inner\"><div class=\"dnxt-blurb-wrapper-outer  \" style=\"\"><div class=\"dnxt-blurb-wrapper dnxt-blurb-wrapper-one_image_placement_top-center\"><div class=\"dnxt-blurb-image dnxt-blurb-image_image_placement_top-center\"><img loading=\"lazy\" decoding=\"async\" src=\"https:\/\/otticarepetti.sviluppo.host\/wp-content\/uploads\/2026\/07\/guida.png\" title=\"guida\" width=\"300\" height=\"300\" srcset=\"https:\/\/otticarepetti.sviluppo.host\/wp-content\/uploads\/2026\/07\/guida.png 300w, https:\/\/otticarepetti.sviluppo.host\/wp-content\/uploads\/2026\/07\/guida-150x150.png 150w\" sizes=\"(max-width: 300px) 100vw, 300px\" class=\"wp-image-27005852\" \/><\/div><div class=\"\"><div class=\"dnxt-blurb-container\"><div class=\"dnxt-blurb-heading-wrapper\"><p class=\"dnxt-blurb-heading\">guida<\/p><\/div><div class=\"dnxt-blurb-description\"><p style=\"text-align: center;\">Lenti polarizzate per ridurre i riflessi e migliorare la visione alla guida.<\/p><\/div><\/div><\/div><\/div><\/div><\/div><\/div>\n<\/div>\n\n<div class=\"et_pb_column_7 et_pb_column et_block_column et_pb_css_mix_blend_mode_passthrough et_flex_column_12_24 et_flex_column_12_24_tablet et_flex_column_24_24_phone\">\n<div class=\"et_pb_image_2 et_pb_image et_pb_module et_flex_module\"><span class=\"et_pb_image_wrap\"><img loading=\"lazy\" decoding=\"async\" src=\"https:\/\/otticarepetti.sviluppo.host\/wp-content\/uploads\/2026\/07\/occhiali-da-sole-per-il-mare.jpg\" title=\"occhiali-da-sole-per-il-mare\" width=\"1536\" height=\"1024\" srcset=\"https:\/\/otticarepetti.sviluppo.host\/wp-content\/uploads\/2026\/07\/occhiali-da-sole-per-il-mare.jpg 1536w, https:\/\/otticarepetti.sviluppo.host\/wp-content\/uploads\/2026\/07\/occhiali-da-sole-per-il-mare-1280x853.jpg 1280w, https:\/\/otticarepetti.sviluppo.host\/wp-content\/uploads\/2026\/07\/occhiali-da-sole-per-il-mare-980x653.jpg 980w, https:\/\/otticarepetti.sviluppo.host\/wp-content\/uploads\/2026\/07\/occhiali-da-sole-per-il-mare-480x320.jpg 480w\" sizes=\"(min-width: 0px) and (max-width: 480px) 480px, (min-width: 481px) and (max-width: 980px) 980px, (min-width: 981px) and (max-width: 1280px) 1280px, (min-width: 1281px) 1536px, 100vw\" class=\"wp-image-27005858\" \/><\/span><\/div>\n\n<div class=\"dnxte_next_blurb_4 dnxte_next_blurb et_pb_module et_flex_module\"><div class=\"example_static_module__inner\"><div class=\"dnxt-blurb-wrapper-outer  \" style=\"\"><div class=\"dnxt-blurb-wrapper dnxt-blurb-wrapper-one_image_placement_top-center\"><div class=\"dnxt-blurb-image dnxt-blurb-image_image_placement_top-center\"><img loading=\"lazy\" decoding=\"async\" src=\"https:\/\/otticarepetti.sviluppo.host\/wp-content\/uploads\/2026\/07\/occhiali-da-sole-per-il-mare.png\" title=\"occhiali-da-sole-per-il-mare\" width=\"300\" height=\"300\" srcset=\"https:\/\/otticarepetti.sviluppo.host\/wp-content\/uploads\/2026\/07\/occhiali-da-sole-per-il-mare.png 300w, https:\/\/otticarepetti.sviluppo.host\/wp-content\/uploads\/2026\/07\/occhiali-da-sole-per-il-mare-150x150.png 150w\" sizes=\"(max-width: 300px) 100vw, 300px\" class=\"wp-image-27005899\" \/><\/div><div class=\"\"><div class=\"dnxt-blurb-container\"><div class=\"dnxt-blurb-heading-wrapper\"><p class=\"dnxt-blurb-heading\">mare<\/p><\/div><div class=\"dnxt-blurb-description\"><p style=\"text-align: center;\">Protezione UV elevata e lenti polarizzate per comfort e sicurezza.<\/p><\/div><\/div><\/div><\/div><\/div><\/div><\/div>\n<\/div>\n\n<div class=\"et_pb_column_8 et_pb_column et-last-child et_block_column et_pb_css_mix_blend_mode_passthrough et_flex_column_12_24 et_flex_column_12_24_tablet et_flex_column_24_24_phone\">\n<div class=\"et_pb_image_3 et_pb_image et_pb_module et_flex_module\"><span class=\"et_pb_image_wrap\"><img loading=\"lazy\" decoding=\"async\" src=\"https:\/\/otticarepetti.sviluppo.host\/wp-content\/uploads\/2026\/07\/occhiali-da-sole-per-la-montagna.jpg\" title=\"occhiali-da-sole-per-la-montagna\" width=\"1536\" height=\"1024\" srcset=\"https:\/\/otticarepetti.sviluppo.host\/wp-content\/uploads\/2026\/07\/occhiali-da-sole-per-la-montagna.jpg 1536w, https:\/\/otticarepetti.sviluppo.host\/wp-content\/uploads\/2026\/07\/occhiali-da-sole-per-la-montagna-1280x853.jpg 1280w, https:\/\/otticarepetti.sviluppo.host\/wp-content\/uploads\/2026\/07\/occhiali-da-sole-per-la-montagna-980x653.jpg 980w, https:\/\/otticarepetti.sviluppo.host\/wp-content\/uploads\/2026\/07\/occhiali-da-sole-per-la-montagna-480x320.jpg 480w\" sizes=\"(min-width: 0px) and (max-width: 480px) 480px, (min-width: 481px) and (max-width: 980px) 980px, (min-width: 981px) and (max-width: 1280px) 1280px, (min-width: 1281px) 1536px, 100vw\" class=\"wp-image-27005857\" \/><\/span><\/div>\n\n<div class=\"dnxte_next_blurb_5 dnxte_next_blurb et_pb_module et_flex_module\"><div class=\"example_static_module__inner\"><div class=\"dnxt-blurb-wrapper-outer  \" style=\"\"><div class=\"dnxt-blurb-wrapper dnxt-blurb-wrapper-one_image_placement_top-center\"><div class=\"dnxt-blurb-image dnxt-blurb-image_image_placement_top-center\"><img loading=\"lazy\" decoding=\"async\" src=\"https:\/\/otticarepetti.sviluppo.host\/wp-content\/uploads\/2026\/07\/montagna.png\" title=\"montagna\" width=\"300\" height=\"300\" srcset=\"https:\/\/otticarepetti.sviluppo.host\/wp-content\/uploads\/2026\/07\/montagna.png 300w, https:\/\/otticarepetti.sviluppo.host\/wp-content\/uploads\/2026\/07\/montagna-150x150.png 150w\" sizes=\"(max-width: 300px) 100vw, 300px\" class=\"wp-image-27005853\" \/><\/div><div class=\"\"><div class=\"dnxt-blurb-container\"><div class=\"dnxt-blurb-heading-wrapper\"><p class=\"dnxt-blurb-heading\">montagna<\/p><\/div><div class=\"dnxt-blurb-description\"><p style=\"text-align: center;\">Lenti scure e polarizzate per proteggere dalla luce intensa e dai raggi UV.<\/p><\/div><\/div><\/div><\/div><\/div><\/div><\/div>\n<\/div>\n<\/div>\n\n<div class=\"et_pb_row_5 et_pb_row et_flex_row\">\n<div class=\"et_pb_column_9 et_pb_column et-last-child et_flex_column et_pb_css_mix_blend_mode_passthrough et_flex_column_24_24 et_flex_column_24_24_tablet et_flex_column_24_24_phone\">\n<div class=\"dnxte_text_divider_0 dnxte_text_divider et_pb_bg_layout_light et_pb_module et_flex_module\"><div class=\"et_pb_module_inner\"><div class=\"dnxt-text-divider-wrapper dnxt-text-divider-alignment-center dnxt-text-divider-alignment-center_tablet dnxt-text-divider-alignment-center_phone\">\n\t\t\t\t<div class=\"dnxt-text-divider-before dnxt-text-divider\"><\/div>\n\t\t\t\t<h2 class=\"dnxt-text-divider-spacing\" \n\t\t\tstyle=\"\"\n\t\t\t>Ogni attivit\u00e0 ha le sue esigenze: scegli l&#8217;occhiale giusto per ogni momento.<\/h2>\n\t\t\t\t<div class=\"dnxt-text-divider-after dnxt-text-divider\"><\/div>\n\t\t\t<\/div><\/div><\/div>\n<\/div>\n<\/div>\n\n<div class=\"et_pb_row_6 et_pb_row et_flex_row\">\n<div class=\"et_pb_column_10 et_pb_column et_flex_column et_pb_css_mix_blend_mode_passthrough et_flex_column_8_24 et_flex_column_8_24_tablet et_flex_column_24_24_phone\">\n<div class=\"dnxte_next_blurb_6 dnxte_next_blurb et_pb_module et_flex_module\"><div class=\"example_static_module__inner\"><div class=\"dnxt-blurb-wrapper-outer  dnxt-hover-sink\" style=\"\"><div class=\"dnxt-blurb-wrapper dnxt-blurb-wrapper-one_image_placement_top-center\"><div class=\"dnxt-blurb-image dnxt-blurb-image_image_placement_top-center\"><img loading=\"lazy\" decoding=\"async\" src=\"https:\/\/otticarepetti.sviluppo.host\/wp-content\/uploads\/2026\/07\/forma-del-viso.png\" title=\"forma-del-viso\" width=\"300\" height=\"300\" srcset=\"https:\/\/otticarepetti.sviluppo.host\/wp-content\/uploads\/2026\/07\/forma-del-viso.png 300w, https:\/\/otticarepetti.sviluppo.host\/wp-content\/uploads\/2026\/07\/forma-del-viso-150x150.png 150w\" sizes=\"(max-width: 300px) 100vw, 300px\" class=\"wp-image-27005867\" \/><\/div><div class=\"\"><div class=\"dnxt-blurb-container\"><div class=\"dnxt-blurb-heading-wrapper\"><h2 class=\"dnxt-blurb-heading\">forma del viso<\/h2><\/div><div class=\"dnxt-blurb-description\"><p>Scegli la montatura che valorizza i tuoi lineamenti e crea equilibrio. Rettangolari per i visi tondi, rotondi per visi squadrati, a goccia per visi ovali.\u00a0<\/p><\/div><\/div><\/div><\/div><\/div><\/div><\/div>\n<\/div>\n\n<div class=\"et_pb_column_11 et_pb_column et_flex_column et_pb_css_mix_blend_mode_passthrough et_flex_column_8_24 et_flex_column_8_24_tablet et_flex_column_24_24_phone\">\n<div class=\"dnxte_next_blurb_7 dnxte_next_blurb et_pb_module et_flex_module\"><div class=\"example_static_module__inner\"><div class=\"dnxt-blurb-wrapper-outer  dnxt-hover-sink\" style=\"\"><div class=\"dnxt-blurb-wrapper dnxt-blurb-wrapper-one_image_placement_top-center\"><div class=\"dnxt-blurb-image dnxt-blurb-image_image_placement_top-center\"><img loading=\"lazy\" decoding=\"async\" src=\"https:\/\/otticarepetti.sviluppo.host\/wp-content\/uploads\/2026\/07\/comfort.png\" title=\"comfort\" width=\"300\" height=\"300\" srcset=\"https:\/\/otticarepetti.sviluppo.host\/wp-content\/uploads\/2026\/07\/comfort.png 300w, https:\/\/otticarepetti.sviluppo.host\/wp-content\/uploads\/2026\/07\/comfort-150x150.png 150w\" sizes=\"(max-width: 300px) 100vw, 300px\" class=\"wp-image-27005866\" \/><\/div><div class=\"\"><div class=\"dnxt-blurb-container\"><div class=\"dnxt-blurb-heading-wrapper\"><h2 class=\"dnxt-blurb-heading\">comfort<\/h2><\/div><div class=\"dnxt-blurb-description\"><p>Leggerezza, vestibilit\u00e0 e stabilit\u00e0 sono essenziali per un utilizzo prolungato senza fastidi. Ponte, aste e naselli faranno la differenza.<\/p><\/div><\/div><\/div><\/div><\/div><\/div><\/div>\n<\/div>\n\n<div class=\"et_pb_column_12 et_pb_column et-last-child et_flex_column et_pb_css_mix_blend_mode_passthrough et_flex_column_8_24 et_flex_column_8_24_tablet et_flex_column_24_24_phone\">\n<div class=\"dnxte_next_blurb_8 dnxte_next_blurb et_pb_module et_flex_module\"><div class=\"example_static_module__inner\"><div class=\"dnxt-blurb-wrapper-outer  dnxt-hover-hang\" style=\"\"><div class=\"dnxt-blurb-wrapper dnxt-blurb-wrapper-one_image_placement_top-center\"><div class=\"dnxt-blurb-image dnxt-blurb-image_image_placement_top-center\"><img loading=\"lazy\" decoding=\"async\" src=\"https:\/\/otticarepetti.sviluppo.host\/wp-content\/uploads\/2026\/07\/materiali.png\" title=\"materiali\" width=\"300\" height=\"300\" srcset=\"https:\/\/otticarepetti.sviluppo.host\/wp-content\/uploads\/2026\/07\/materiali.png 300w, https:\/\/otticarepetti.sviluppo.host\/wp-content\/uploads\/2026\/07\/materiali-150x150.png 150w\" sizes=\"(max-width: 300px) 100vw, 300px\" class=\"wp-image-27005865\" \/><\/div><div class=\"\"><div class=\"dnxt-blurb-container\"><div class=\"dnxt-blurb-heading-wrapper\"><h2 class=\"dnxt-blurb-heading\">materiali<\/h2><\/div><div class=\"dnxt-blurb-description\"><p>I materiali della montatura: acetato, metallo, titanio o materiali tecnici hanno vantaggi diversi in termini di resistenza, leggerezza e flessibilit\u00e0.<\/p><\/div><\/div><\/div><\/div><\/div><\/div><\/div>\n<\/div>\n<\/div>\n\n<div class=\"et_pb_row_7 et_pb_row et_flex_row\">\n<div class=\"et_pb_column_13 et_pb_column et_flex_column et_pb_css_mix_blend_mode_passthrough et_flex_column_8_24 et_flex_column_8_24_tablet et_flex_column_24_24_phone\">\n<div class=\"dnxte_next_blurb_9 dnxte_next_blurb et_pb_module et_flex_module\"><div class=\"example_static_module__inner\"><div class=\"dnxt-blurb-wrapper-outer  dnxt-hover-sink\" style=\"\"><div class=\"dnxt-blurb-wrapper dnxt-blurb-wrapper-one_image_placement_top-center\"><div class=\"dnxt-blurb-image dnxt-blurb-image_image_placement_top-center\"><img loading=\"lazy\" decoding=\"async\" src=\"https:\/\/otticarepetti.sviluppo.host\/wp-content\/uploads\/2026\/07\/uv.png\" title=\"uv\" width=\"300\" height=\"300\" srcset=\"https:\/\/otticarepetti.sviluppo.host\/wp-content\/uploads\/2026\/07\/uv.png 300w, https:\/\/otticarepetti.sviluppo.host\/wp-content\/uploads\/2026\/07\/uv-150x150.png 150w\" sizes=\"(max-width: 300px) 100vw, 300px\" class=\"wp-image-27005864\" \/><\/div><div class=\"\"><div class=\"dnxt-blurb-container\"><div class=\"dnxt-blurb-heading-wrapper\"><h2 class=\"dnxt-blurb-heading\">protezione uv<\/h2><\/div><div class=\"dnxt-blurb-description\"><p>Verifica sempre la protezione UV al 100% dai raggi UVA e\u00a0 UVB. Una lente di qualit\u00e0 protegge i tuoi occhi e previene danni a lungo termine.<\/p><\/div><\/div><\/div><\/div><\/div><\/div><\/div>\n<\/div>\n\n<div class=\"et_pb_column_14 et_pb_column et_flex_column et_pb_css_mix_blend_mode_passthrough et_flex_column_8_24 et_flex_column_8_24_tablet et_flex_column_24_24_phone\">\n<div class=\"dnxte_next_blurb_10 dnxte_next_blurb et_pb_module et_flex_module\"><div class=\"example_static_module__inner\"><div class=\"dnxt-blurb-wrapper-outer  dnxt-hover-sink\" style=\"\"><div class=\"dnxt-blurb-wrapper dnxt-blurb-wrapper-one_image_placement_top-center\"><div class=\"dnxt-blurb-image dnxt-blurb-image_image_placement_top-center\"><img loading=\"lazy\" decoding=\"async\" src=\"https:\/\/otticarepetti.sviluppo.host\/wp-content\/uploads\/2026\/07\/colori-lenti-occhiali-da-sole.png\" title=\"colori-lenti-occhiali-da-sole\" width=\"300\" height=\"300\" srcset=\"https:\/\/otticarepetti.sviluppo.host\/wp-content\/uploads\/2026\/07\/colori-lenti-occhiali-da-sole.png 300w, https:\/\/otticarepetti.sviluppo.host\/wp-content\/uploads\/2026\/07\/colori-lenti-occhiali-da-sole-150x150.png 150w\" sizes=\"(max-width: 300px) 100vw, 300px\" class=\"wp-image-27005863\" \/><\/div><div class=\"\"><div class=\"dnxt-blurb-container\"><div class=\"dnxt-blurb-heading-wrapper\"><h2 class=\"dnxt-blurb-heading\">colore delle lenti<\/h2><\/div><div class=\"dnxt-blurb-description\"><p>Grigio per visione naturale, marrone per contrasto e profondit\u00e0, verde per ridurre l&#8217;affaticamente visivo, giallo per aumentare il contrasto in condizioni di scarsa luce.<\/p><\/div><\/div><\/div><\/div><\/div><\/div><\/div>\n<\/div>\n\n<div class=\"et_pb_column_15 et_pb_column et-last-child et_flex_column et_pb_css_mix_blend_mode_passthrough et_flex_column_8_24 et_flex_column_8_24_tablet et_flex_column_24_24_phone\">\n<div class=\"dnxte_next_blurb_11 dnxte_next_blurb et_pb_module et_flex_module\"><div class=\"example_static_module__inner\"><div class=\"dnxt-blurb-wrapper-outer  dnxt-hover-hang\" style=\"\"><div class=\"dnxt-blurb-wrapper dnxt-blurb-wrapper-one_image_placement_top-center\"><div class=\"dnxt-blurb-image dnxt-blurb-image_image_placement_top-center\"><img loading=\"lazy\" decoding=\"async\" src=\"https:\/\/otticarepetti.sviluppo.host\/wp-content\/uploads\/2026\/07\/stile-occhiali-da-sole.png\" title=\"stile-occhiali-da-sole\" width=\"300\" height=\"300\" srcset=\"https:\/\/otticarepetti.sviluppo.host\/wp-content\/uploads\/2026\/07\/stile-occhiali-da-sole.png 300w, https:\/\/otticarepetti.sviluppo.host\/wp-content\/uploads\/2026\/07\/stile-occhiali-da-sole-150x150.png 150w\" sizes=\"(max-width: 300px) 100vw, 300px\" class=\"wp-image-27005862\" \/><\/div><div class=\"\"><div class=\"dnxt-blurb-container\"><div class=\"dnxt-blurb-heading-wrapper\"><h2 class=\"dnxt-blurb-heading\">stile<\/h2><\/div><div class=\"dnxt-blurb-description\"><p>I tuoi occhiali raccontano chi sei. Scegli il modello che riflette il tuo stile e ti fa sentire sempre al meglio.<\/p><\/div><\/div><\/div><\/div><\/div><\/div><\/div>\n<\/div>\n<\/div>\n<\/div>\n\n<div class=\"et_pb_section_2 et_pb_section et_section_regular et_flex_section\">\n<div class=\"et_pb_row_8 et_pb_row et_flex_row\">\n<div class=\"et_pb_column_16 et_pb_column et-last-child et_flex_column et_pb_css_mix_blend_mode_passthrough et_flex_column_24_24 et_flex_column_24_24_tablet et_flex_column_24_24_phone\">\n<div class=\"dipi_masonry_gallery_0 dipi_masonry_gallery et_pb_bg_layout_light et_pb_module\"><div class=\"dipi_masonry_gallery_wrapper\" data-config=\"{&quot;infinite_scroll_viewport&quot;:&quot;25%&quot;}\">\n                \n            <div\n                class=\"dipi_masonry_gallery_container animated none\"\n                \n                data-count=\"3\"\n                data-anim=\"none\"\n            >\n                <div class=\"grid show_lightbox show_lightbox_tablet show_lightbox_phone hide_overlay hide_overlay_tablet hide_overlay_phone \" data-lazy=\"false\" >\n                    <div class=\"grid-sizer\"><\/div><div class=\"gutter-sizer\"><\/div><div class=\"grid-item et_pb_gallery_image  tablet_show phone_show\">\n                       \n                        <div class=\"img-container dipi-mg-animation dipi-mg-none\" href=\"https:\/\/otticarepetti.sviluppo.host\/wp-content\/uploads\/2026\/07\/kador.jpg\">\n                            <img decoding=\"async\" src=\"https:\/\/otticarepetti.sviluppo.host\/wp-content\/uploads\/2026\/07\/kador.jpg\"\n                                 srcset=\"https:\/\/otticarepetti.sviluppo.host\/wp-content\/uploads\/2026\/07\/kador.jpg 767w, https:\/\/otticarepetti.sviluppo.host\/wp-content\/uploads\/2026\/07\/kador.jpg 980w, https:\/\/otticarepetti.sviluppo.host\/wp-content\/uploads\/2026\/07\/kador.jpg 1200w\"\n                                 sizes=\"(max-width: 767px) 100vw, (max-width: 980px) 100vw, 1200px\"\n                                 alt=\"\"\n                                 loading=\"lazy\"\n                            \/>\n                            <span class=\"dipi_masonry_gallery_overlay background\"><\/span>\n                <span class=\"dipi_masonry_gallery_overlay background-hover\"><\/span>\n                <span class=\"dipi_masonry_gallery_overlay content\" style=\"transition-duration: 0ms;\">\n                    <div class=\"et-pb-icon  dipi-mansonry-gallery-icon animated fadeInUp\"data-no-icon><\/div>\n                    \n                    \n                <\/span>\n                        <\/div>\n                    \n                <\/div><div class=\"grid-item et_pb_gallery_image  tablet_show phone_show\">\n                       \n                        <div class=\"img-container dipi-mg-animation dipi-mg-none\" href=\"https:\/\/otticarepetti.sviluppo.host\/wp-content\/uploads\/2026\/07\/kador-2.jpg\">\n                            <img decoding=\"async\" src=\"https:\/\/otticarepetti.sviluppo.host\/wp-content\/uploads\/2026\/07\/kador-2.jpg\"\n                                 srcset=\"https:\/\/otticarepetti.sviluppo.host\/wp-content\/uploads\/2026\/07\/kador-2.jpg 767w, https:\/\/otticarepetti.sviluppo.host\/wp-content\/uploads\/2026\/07\/kador-2.jpg 980w, https:\/\/otticarepetti.sviluppo.host\/wp-content\/uploads\/2026\/07\/kador-2.jpg 1200w\"\n                                 sizes=\"(max-width: 767px) 100vw, (max-width: 980px) 100vw, 1200px\"\n                                 alt=\"\"\n                                 loading=\"lazy\"\n                            \/>\n                            <span class=\"dipi_masonry_gallery_overlay background\"><\/span>\n                <span class=\"dipi_masonry_gallery_overlay background-hover\"><\/span>\n                <span class=\"dipi_masonry_gallery_overlay content\" style=\"transition-duration: 0ms;\">\n                    <div class=\"et-pb-icon  dipi-mansonry-gallery-icon animated fadeInUp\"data-no-icon><\/div>\n                    \n                    \n                <\/span>\n                        <\/div>\n                    \n                <\/div><div class=\"grid-item et_pb_gallery_image  tablet_show phone_show\">\n                       \n                        <div class=\"img-container dipi-mg-animation dipi-mg-none\" href=\"https:\/\/otticarepetti.sviluppo.host\/wp-content\/uploads\/2026\/07\/rayban.jpg\">\n                            <img decoding=\"async\" src=\"https:\/\/otticarepetti.sviluppo.host\/wp-content\/uploads\/2026\/07\/rayban.jpg\"\n                                 srcset=\"https:\/\/otticarepetti.sviluppo.host\/wp-content\/uploads\/2026\/07\/rayban.jpg 767w, https:\/\/otticarepetti.sviluppo.host\/wp-content\/uploads\/2026\/07\/rayban.jpg 980w, https:\/\/otticarepetti.sviluppo.host\/wp-content\/uploads\/2026\/07\/rayban.jpg 1200w\"\n                                 sizes=\"(max-width: 767px) 100vw, (max-width: 980px) 100vw, 1200px\"\n                                 alt=\"\"\n                                 loading=\"lazy\"\n                            \/>\n                            <span class=\"dipi_masonry_gallery_overlay background\"><\/span>\n                <span class=\"dipi_masonry_gallery_overlay background-hover\"><\/span>\n                <span class=\"dipi_masonry_gallery_overlay content\" style=\"transition-duration: 0ms;\">\n                    <div class=\"et-pb-icon  dipi-mansonry-gallery-icon animated fadeInUp\"data-no-icon><\/div>\n                    \n                    \n                <\/span>\n                        <\/div>\n                    \n                <\/div>\n                <\/div>\n                \n            <\/div>\n            \n            <\/div>\n             <\/div>\n<\/div>\n<\/div>\n<\/div>\n\n<div class=\"et_pb_section_3 et_pb_section et_section_regular et_flex_section\">\n<div class=\"et_pb_row_9 et_pb_row et_flex_row\">\n<div class=\"et_pb_column_17 et_pb_column et_flex_column et_pb_css_mix_blend_mode_passthrough et_flex_column_3_5 et_flex_column_3_5_tablet et_flex_column_24_24_phone\">\n<div class=\"et_pb_text_4 et_pb_text et_pb_bg_layout_light et_pb_module et_block_module\"><div class=\"et_pb_text_inner\"><h3><strong>Lenti polarizzate o tradizionali<\/strong>: quale scegliere?<\/h3>\n<\/div><\/div>\n\n<div class=\"et_pb_text_5 et_pb_text et_pb_bg_layout_light et_pb_module et_block_module\"><div class=\"et_pb_text_inner\"><p style=\"text-align: justify;\">La scelta delle lenti da sole influisce direttamente sulla qualit\u00e0 della visione e sul comfort durante le attivit\u00e0 quotidiane. Le lenti tradizionali offrono un&#8217;eccellente protezione dai raggi solari e sono ideali per un utilizzo generico, mentre le lenti polarizzate rappresentano la soluzione migliore per chi desidera una visione pi\u00f9 nitida e rilassata in presenza di superfici riflettenti.<\/p>\n<p style=\"text-align: justify;\">Le lenti polarizzate riducono i riflessi provocati da acqua, asfalto, neve e altre superfici luminose, migliorando il contrasto, la percezione dei colori e la definizione dei dettagli. Sono particolarmente consigliate per la guida, il mare, la montagna, gli sport all&#8217;aria aperta e tutte le situazioni in cui una visione pi\u00f9 confortevole pu\u00f2 fare la differenza. Da Ottica Repetti Vogliotti ti aiutiamo a scegliere la lente pi\u00f9 adatta alle tue esigenze, valutando il tuo stile di vita e il tipo di utilizzo degli occhiali da sole.<\/p>\n<\/div><\/div>\n<\/div>\n\n<div class=\"et_pb_column_18 et_pb_column et-last-child et_flex_column et_pb_css_mix_blend_mode_passthrough et_flex_column_2_5 et_flex_column_2_5_tablet et_flex_column_24_24_phone\">\n<div class=\"dnxte_minimal_image_hover_0 dnxte_minimal_image_hover et_pb_module et_flex_module\"><div class=\"dnext-neip-mih-hover-effect dnext-neip-mih-effect1\"><figure class=\"dnxt_image_alignment_center dnxt_image_alignment_center_tablet dnxt_image_alignment_center_phone\"><img loading=\"lazy\" decoding=\"async\" alt=\"Image\" src=\"https:\/\/otticarepetti.sviluppo.host\/wp-content\/uploads\/2026\/07\/Lenti-polarizzate-o-tradizionali-quale-scegliere.jpg\" width=\"1254\" height=\"1254\" srcset=\"https:\/\/otticarepetti.sviluppo.host\/wp-content\/uploads\/2026\/07\/Lenti-polarizzate-o-tradizionali-quale-scegliere.jpg 1254w, https:\/\/otticarepetti.sviluppo.host\/wp-content\/uploads\/2026\/07\/Lenti-polarizzate-o-tradizionali-quale-scegliere-980x980.jpg 980w, https:\/\/otticarepetti.sviluppo.host\/wp-content\/uploads\/2026\/07\/Lenti-polarizzate-o-tradizionali-quale-scegliere-480x480.jpg 480w\" sizes=\"(min-width: 0px) and (max-width: 480px) 480px, (min-width: 481px) and (max-width: 980px) 980px, (min-width: 981px) 1254px, 100vw\" class=\"wp-image-27005882\" \/><\/figure><\/div><\/div>\n<\/div>\n<\/div>\n\n<div class=\"et_pb_row_10 et_pb_row et_flex_row\">\n<div class=\"et_pb_column_19 et_pb_column et_flex_column et_pb_css_mix_blend_mode_passthrough et_flex_column_2_5 et_flex_column_2_5_tablet et_flex_column_24_24_phone\">\n<div class=\"dnxte_minimal_image_hover_1 dnxte_minimal_image_hover et_pb_module et_flex_module\"><div class=\"dnext-neip-mih-hover-effect dnext-neip-mih-effect1\"><figure class=\"dnxt_image_alignment_center dnxt_image_alignment_center_tablet dnxt_image_alignment_center_phone\"><img loading=\"lazy\" decoding=\"async\" alt=\"Image\" src=\"https:\/\/otticarepetti.sviluppo.host\/wp-content\/uploads\/2026\/07\/occhiali-da-sole-Protezione-UV.jpg\" width=\"1254\" height=\"1254\" srcset=\"https:\/\/otticarepetti.sviluppo.host\/wp-content\/uploads\/2026\/07\/occhiali-da-sole-Protezione-UV.jpg 1254w, https:\/\/otticarepetti.sviluppo.host\/wp-content\/uploads\/2026\/07\/occhiali-da-sole-Protezione-UV-980x980.jpg 980w, https:\/\/otticarepetti.sviluppo.host\/wp-content\/uploads\/2026\/07\/occhiali-da-sole-Protezione-UV-480x480.jpg 480w\" sizes=\"(min-width: 0px) and (max-width: 480px) 480px, (min-width: 481px) and (max-width: 980px) 980px, (min-width: 981px) 1254px, 100vw\" class=\"wp-image-27005874\" \/><\/figure><\/div><\/div>\n<\/div>\n\n<div class=\"et_pb_column_20 et_pb_column et-last-child et_flex_column et_pb_css_mix_blend_mode_passthrough et_flex_column_3_5 et_flex_column_3_5_tablet et_flex_column_24_24_phone\">\n<div class=\"et_pb_text_6 et_pb_text et_pb_bg_layout_light et_pb_module et_block_module\"><div class=\"et_pb_text_inner\"><h3><strong>Protezione UV<\/strong>: perch\u00e9 \u00e8 fondamentale per la salute degli occhi<\/h3>\n<\/div><\/div>\n\n<div class=\"et_pb_text_7 et_pb_text et_pb_bg_layout_light et_pb_module et_block_module\"><div class=\"et_pb_text_inner\"><p style=\"text-align: justify;\">Indossare occhiali da sole con protezione UV certificata non \u00e8 soltanto una scelta estetica, ma un gesto importante per proteggere la salute degli occhi. L&#8217;esposizione prolungata ai raggi ultravioletti (UV) pu\u00f2 infatti affaticare la vista e, nel tempo, contribuire all&#8217;invecchiamento delle strutture oculari, aumentando il rischio di problematiche come cataratta e maculopatia.<\/p>\n<p style=\"text-align: justify;\">Per questo motivo \u00e8 fondamentale scegliere occhiali da sole dotati di lenti di qualit\u00e0, capaci di filtrare efficacemente i raggi UV senza alterare la nitidezza della visione. Da Ottica Repetti Vogliotti selezioniamo solo lenti che garantiscono elevati standard di protezione, aiutandoti a trovare la soluzione pi\u00f9 adatta per l&#8217;utilizzo quotidiano, la guida, le vacanze al mare, la montagna e tutte le attivit\u00e0 svolte all&#8217;aperto. Proteggere gli occhi oggi significa preservare il benessere visivo anche negli anni a venire.<\/p>\n<\/div><\/div>\n<\/div>\n<\/div>\n\n<div class=\"et_pb_row_11 et_pb_row et_flex_row\">\n<div class=\"et_pb_column_21 et_pb_column et_flex_column et_pb_css_mix_blend_mode_passthrough et_flex_column_12_24 et_flex_column_12_24_tablet et_flex_column_24_24_phone\">\n<div class=\"et_pb_text_8 et_pb_text et_pb_bg_layout_light et_pb_module et_block_module\"><div class=\"et_pb_text_inner\"><p>Trova gli occhiali da sole perfetti per te<\/p>\n<\/div><\/div>\n\n<div class=\"et_pb_text_9 et_pb_text et_pb_bg_layout_light et_pb_module et_block_module\"><div class=\"et_pb_text_inner\"><p style=\"text-align: justify;\">Prenota un appuntamento in negozio e lasciati guidare nella scelta di occhiali da sole di qualit\u00e0, con protezione UV, lenti polarizzate o graduate e montature delle migliori marche.<\/p>\n<\/div><\/div>\n\n<div class=\"et_pb_code_0 et_pb_code et_pb_module\"><div class=\"et_pb_code_inner\"><style id=\"wpforms-css-vars-27005794\">\n\t\t\t\t#wpforms-27005794 {\n\t\t\t\t--wpforms-field-border-radius: 0px;\n--wpforms-field-border-color: #ffffff;\n--wpforms-field-border-color-spare: #ffffff;\n--wpforms-field-text-color: #000000;\n--wpforms-label-color: #000000;\n--wpforms-label-sublabel-color: #000000;\n--wpforms-label-error-color: #ff0000;\n--wpforms-button-border-style: solid;\n--wpforms-button-border-radius: 0px;\n--wpforms-button-background-color: #ffffff;\n--wpforms-button-border-color: #ffffff;\n--wpforms-button-text-color: #000000;\n--wpforms-container-padding: 0px;\n--wpforms-container-border-width: 1px;\n--wpforms-container-border-radius: 3px;\n--wpforms-background-color: rgba(0, 0, 0, 0);\n--wpforms-page-break-color: #dddddd;\n--wpforms-field-size-input-height: 43px;\n--wpforms-field-size-input-spacing: 15px;\n--wpforms-field-size-font-size: 16px;\n--wpforms-field-size-line-height: 19px;\n--wpforms-field-size-padding-h: 14px;\n--wpforms-field-size-checkbox-size: 16px;\n--wpforms-field-size-sublabel-spacing: 5px;\n--wpforms-field-size-icon-size: 1;\n--wpforms-label-size-font-size: 14px;\n--wpforms-label-size-line-height: 17px;\n--wpforms-label-size-sublabel-font-size: 13px;\n--wpforms-label-size-sublabel-line-height: 16px;\n--wpforms-button-size-font-size: 17px;\n--wpforms-button-size-height: 41px;\n--wpforms-button-size-padding-h: 15px;\n--wpforms-button-size-margin-top: 10px;\n--wpforms-container-shadow-size-box-shadow: none;\n\t\t\t}\n\t\t\t<\/style><div class=\"wpforms-container wpforms-container-full wpforms-render-modern\" id=\"wpforms-27005794\"><form id=\"wpforms-form-27005794\" class=\"wpforms-validate wpforms-form wpforms-ajax-form\" data-formid=\"27005794\" method=\"post\" enctype=\"multipart\/form-data\" action=\"\/index.php\/wp-json\/wp\/v2\/pages\/27005659\" data-token=\"11b2fca53d10c946d03a032bfc3da0ff\" data-token-time=\"1788205402\"><noscript class=\"wpforms-error-noscript\">Abilita JavaScript nel browser per completare questo modulo.<\/noscript><div id=\"wpforms-error-noscript\" style=\"display: none;\">Abilita JavaScript nel browser per completare questo modulo.<\/div><div class=\"wpforms-field-container\"><div id=\"wpforms-27005794-field_1-container\" class=\"wpforms-field wpforms-field-name\" data-field-id=\"1\"><fieldset><legend class=\"wpforms-field-label wpforms-label-hide\" aria-hidden=\"false\">Nome <span class=\"wpforms-required-label\" aria-hidden=\"true\">*<\/span><\/legend><div class=\"wpforms-field-row wpforms-field-large\"><div class=\"wpforms-field-row-block wpforms-first wpforms-one-half\"><input type=\"text\" id=\"wpforms-27005794-field_1\" class=\"wpforms-field-name-first wpforms-field-required\" name=\"wpforms[fields][1][first]\" placeholder=\"Nome\" aria-errormessage=\"wpforms-27005794-field_1-error\" required><label for=\"wpforms-27005794-field_1\" class=\"wpforms-field-sublabel after wpforms-sublabel-hide\">Nome<\/label><\/div><div class=\"wpforms-field-row-block wpforms-one-half\"><input type=\"text\" id=\"wpforms-27005794-field_1-last\" class=\"wpforms-field-name-last wpforms-field-required\" name=\"wpforms[fields][1][last]\" placeholder=\"Cognome\" aria-errormessage=\"wpforms-27005794-field_1-last-error\" required><label for=\"wpforms-27005794-field_1-last\" class=\"wpforms-field-sublabel after wpforms-sublabel-hide\">Cognome<\/label><\/div><\/div><\/fieldset><\/div><div id=\"wpforms-27005794-field_2-container\" class=\"wpforms-field wpforms-field-email\" data-field-id=\"2\"><label class=\"wpforms-field-label wpforms-label-hide\" for=\"wpforms-27005794-field_2\" aria-hidden=\"false\">Email <span class=\"wpforms-required-label\" aria-hidden=\"true\">*<\/span><\/label><input type=\"email\" id=\"wpforms-27005794-field_2\" class=\"wpforms-field-large wpforms-field-required\" name=\"wpforms[fields][2]\" placeholder=\"E-mail\" spellcheck=\"false\" aria-errormessage=\"wpforms-27005794-field_2-error\" required><\/div>\t\t<div id=\"wpforms-27005794-field_4-container\"\n\t\t\tclass=\"wpforms-field wpforms-field-text\"\n\t\t\tdata-field-type=\"text\"\n\t\t\tdata-field-id=\"4\"\n\t\t\t>\n\t\t\t<label class=\"wpforms-field-label\" for=\"wpforms-27005794-field_4\" >messaggio Email o<\/label>\n\t\t\t<input type=\"text\" id=\"wpforms-27005794-field_4\" class=\"wpforms-field-medium\" name=\"wpforms[fields][4]\" >\n\t\t<\/div>\n\t\t<div id=\"wpforms-27005794-field_3-container\" class=\"wpforms-field wpforms-field-textarea\" data-field-id=\"3\"><label class=\"wpforms-field-label wpforms-label-hide\" for=\"wpforms-27005794-field_3\" aria-hidden=\"false\">Commento o messaggio<\/label><textarea id=\"wpforms-27005794-field_3\" class=\"wpforms-field-medium\" name=\"wpforms[fields][3]\" placeholder=\"Scrivi un messaggio,,,,\" aria-errormessage=\"wpforms-27005794-field_3-error\" ><\/textarea><\/div><script>\n\t\t\t\t( function() {\n\t\t\t\t\tconst style = document.createElement( 'style' );\n\t\t\t\t\tstyle.appendChild( document.createTextNode( '#wpforms-27005794-field_4-container { position: absolute !important; overflow: hidden !important; display: inline !important; height: 1px !important; width: 1px !important; z-index: -1000 !important; padding: 0 !important; } #wpforms-27005794-field_4-container input { visibility: hidden; } #wpforms-conversational-form-page #wpforms-27005794-field_4-container label { counter-increment: none; }' ) );\n\t\t\t\t\tdocument.head.appendChild( style );\n\t\t\t\t\tdocument.currentScript?.remove();\n\t\t\t\t} )();\n\t\t\t<\/script><\/div><!-- .wpforms-field-container --><div class=\"wpforms-submit-container\" ><input type=\"hidden\" name=\"wpforms[id]\" value=\"27005794\"><input type=\"hidden\" name=\"page_title\" value=\"\"><input type=\"hidden\" name=\"page_url\" value=\"https:\/\/otticarepetti.sviluppo.host\/index.php\/wp-json\/wp\/v2\/pages\/27005659\"><input type=\"hidden\" name=\"url_referer\" value=\"\"><button type=\"submit\" name=\"wpforms[submit]\" id=\"wpforms-submit-27005794\" class=\"wpforms-submit\" data-alt-text=\"Invio in corso...\" data-submit-text=\"Invia messaggio\" aria-live=\"assertive\" value=\"wpforms-submit\">Invia messaggio<\/button><img loading=\"lazy\" decoding=\"async\" src=\"https:\/\/otticarepetti.sviluppo.host\/wp-content\/plugins\/wpforms-lite\/assets\/images\/submit-spin.svg\" class=\"wpforms-submit-spinner\" style=\"display: none;\" width=\"26\" height=\"26\" alt=\"Caricamento\"><\/div><\/form><\/div>  <!-- .wpforms-container --><\/div><\/div>\n<\/div>\n\n<div class=\"et_pb_column_22 et_pb_column et-last-child et_flex_column et_pb_css_mix_blend_mode_passthrough et_flex_column_12_24 et_flex_column_12_24_tablet et_flex_column_24_24_phone\">\n<div class=\"et_pb_text_10 et_pb_text et_pb_bg_layout_light et_pb_module et_block_module\"><div class=\"et_pb_text_inner\"><p>FAQ, le domande pi\u00f9 gettonate<\/p>\n<\/div><\/div>\n\n<div class=\"dipi_faq_0 dipi_faq et_pb_bg_layout_light et_pb_module\"><div class=\"dipi-faq-wrapper dipi-faq-toggles loading \" style=\"display: none;\" data-config=\"{&quot;layout&quot;:&quot;toggles&quot;}\">\n\t\t\t\t<script type=\"application\/ld+json\">{\"@context\":\"https:\\\/\\\/schema.org\",\"@type\":\"FAQPage\",\"@id\":\"https:\\\/\\\/otticarepetti.sviluppo.host\\\/index.php\\\/occhiali-da-sole\\\/\",\"mainEntity\":[{\"@type\":\"Question\",\"name\":\"Come scegliere gli occhiali da sole in base al viso?\",\"acceptedAnswer\":{\"@type\":\"Answer\",\"text\":\"<p>La scelta degli occhiali da sole dipende dalla forma del viso, dall'utilizzo previsto e dalle preferenze personali. Durante la consulenza valutiamo il profilo del volto, il comfort della montatura, i materiali, la tipologia di lenti e lo stile desiderato, aiutandoti a trovare il modello che valorizza il tuo viso e garantisce una visione ottimale.<\\\/p>\\n\"}},{\"@type\":\"Question\",\"name\":\"Gli occhiali da sole devono proteggere dai raggi UV?\",\"acceptedAnswer\":{\"@type\":\"Answer\",\"text\":\"<p>S\\u00ec. Un buon paio di occhiali da sole deve essere dotato di una protezione UV certificata, capace di filtrare i raggi ultravioletti dannosi per gli occhi. La protezione dai raggi UV \\u00e8 fondamentale durante tutto l&#8217;anno, non solo in estate, perch\\u00e9 aiuta a preservare il benessere visivo anche durante la guida, in montagna, al mare e nelle giornate particolarmente luminose.<\\\/p>\\n\"}},{\"@type\":\"Question\",\"name\":\"Le lenti fotocromatiche sostituiscono gli occhiali da sole?\",\"acceptedAnswer\":{\"@type\":\"Answer\",\"text\":\"<p>Le lenti fotocromatiche si adattano automaticamente alla luce, scurendosi all&#8217;aperto e tornando trasparenti negli ambienti interni. Sono una soluzione molto pratica per l&#8217;utilizzo quotidiano, ma in alcune situazioni, come l&#8217;esposizione intensa al sole, la guida o le attivit\\u00e0 sportive, un paio di occhiali da sole dedicati pu\\u00f2 garantire una protezione e un comfort visivo ancora superiori.<\\\/p>\\n\"}},{\"@type\":\"Question\",\"name\":\"Ogni quanto \\u00e8 consigliabile cambiare gli occhiali da sole?\",\"acceptedAnswer\":{\"@type\":\"Answer\",\"text\":\"<p>Non esiste una scadenza precisa, ma \\u00e8 consigliabile sostituire gli occhiali da sole quando le lenti presentano graffi, la montatura \\u00e8 deformata o le esigenze visive sono cambiate. Anche chi porta occhiali da sole graduati dovrebbe effettuare controlli periodici della vista per verificare se la correzione \\u00e8 ancora adeguata e mantenere sempre il massimo comfort visivo.<\\\/p>\\n\"}},{\"@type\":\"Question\",\"name\":\"Posso realizzare occhiali da sole graduati?\",\"acceptedAnswer\":{\"@type\":\"Answer\",\"text\":\"<p>Certamente. Da Ottica Repetti Vogliotti realizziamo occhiali da sole graduati personalizzati per miopia, ipermetropia, astigmatismo e presbiopia. \\u00c8 possibile scegliere tra numerose montature e abbinare lenti polarizzate, fotocromatiche o con differenti colorazioni, mantenendo la correzione visiva e un&#8217;elevata protezione dai raggi UV.<\\\/p>\\n\"}},{\"@type\":\"Question\",\"name\":\"Qual \\u00e8 la differenza tra lenti polarizzate e lenti tradizionali?\",\"acceptedAnswer\":{\"@type\":\"Answer\",\"text\":\"<p>Le lenti polarizzate riducono i riflessi generati da superfici come acqua, neve e asfalto, migliorando il contrasto e rendendo la visione pi\\u00f9 nitida e rilassata. Le lenti tradizionali, invece, offrono una valida protezione dal sole ma non eliminano i riflessi. Le lenti polarizzate sono particolarmente consigliate per la guida, gli sport all&#8217;aperto, il mare e la montagna.<\\\/p>\\n\"}}]}<\/script><div class=\"dipi-faq-entry\" data-entry-number=\"0\">\n                        <div class=\"dipi-faq-title\"><i class=\"dipi-faq-icon-open\">:<\/i><i class=\"dipi-faq-icon-closed\">7<\/i><span>Come scegliere gli occhiali da sole in base al viso?<\/span><\/div>\n                        <div class=\"dipi-faq-content\"><p>La scelta degli occhiali da sole dipende dalla forma del viso, dall&#8217;utilizzo previsto e dalle preferenze personali. Durante la consulenza valutiamo il profilo del volto, il comfort della montatura, i materiali, la tipologia di lenti e lo stile desiderato, aiutandoti a trovare il modello che valorizza il tuo viso e garantisce una visione ottimale.<\/p>\n<\/div>\n                    <\/div><div class=\"dipi-faq-entry\" data-entry-number=\"1\">\n                        <div class=\"dipi-faq-title\"><i class=\"dipi-faq-icon-open\">:<\/i><i class=\"dipi-faq-icon-closed\">7<\/i><span>Gli occhiali da sole devono proteggere dai raggi UV?<\/span><\/div>\n                        <div class=\"dipi-faq-content\"><p>S\u00ec. Un buon paio di occhiali da sole deve essere dotato di una protezione UV certificata, capace di filtrare i raggi ultravioletti dannosi per gli occhi. La protezione dai raggi UV \u00e8 fondamentale durante tutto l&#8217;anno, non solo in estate, perch\u00e9 aiuta a preservare il benessere visivo anche durante la guida, in montagna, al mare e nelle giornate particolarmente luminose.<\/p>\n<\/div>\n                    <\/div><div class=\"dipi-faq-entry\" data-entry-number=\"2\">\n                        <div class=\"dipi-faq-title\"><i class=\"dipi-faq-icon-open\">:<\/i><i class=\"dipi-faq-icon-closed\">7<\/i><span>Le lenti fotocromatiche sostituiscono gli occhiali da sole?<\/span><\/div>\n                        <div class=\"dipi-faq-content\"><p>Le lenti fotocromatiche si adattano automaticamente alla luce, scurendosi all&#8217;aperto e tornando trasparenti negli ambienti interni. Sono una soluzione molto pratica per l&#8217;utilizzo quotidiano, ma in alcune situazioni, come l&#8217;esposizione intensa al sole, la guida o le attivit\u00e0 sportive, un paio di occhiali da sole dedicati pu\u00f2 garantire una protezione e un comfort visivo ancora superiori.<\/p>\n<\/div>\n                    <\/div><div class=\"dipi-faq-entry\" data-entry-number=\"3\">\n                        <div class=\"dipi-faq-title\"><i class=\"dipi-faq-icon-open\">:<\/i><i class=\"dipi-faq-icon-closed\">7<\/i><span>Ogni quanto \u00e8 consigliabile cambiare gli occhiali da sole?<\/span><\/div>\n                        <div class=\"dipi-faq-content\"><p>Non esiste una scadenza precisa, ma \u00e8 consigliabile sostituire gli occhiali da sole quando le lenti presentano graffi, la montatura \u00e8 deformata o le esigenze visive sono cambiate. Anche chi porta occhiali da sole graduati dovrebbe effettuare controlli periodici della vista per verificare se la correzione \u00e8 ancora adeguata e mantenere sempre il massimo comfort visivo.<\/p>\n<\/div>\n                    <\/div><div class=\"dipi-faq-entry\" data-entry-number=\"4\">\n                        <div class=\"dipi-faq-title\"><i class=\"dipi-faq-icon-open\">:<\/i><i class=\"dipi-faq-icon-closed\">7<\/i><span>Posso realizzare occhiali da sole graduati?<\/span><\/div>\n                        <div class=\"dipi-faq-content\"><p>Certamente. Da Ottica Repetti Vogliotti realizziamo occhiali da sole graduati personalizzati per miopia, ipermetropia, astigmatismo e presbiopia. \u00c8 possibile scegliere tra numerose montature e abbinare lenti polarizzate, fotocromatiche o con differenti colorazioni, mantenendo la correzione visiva e un&#8217;elevata protezione dai raggi UV.<\/p>\n<\/div>\n                    <\/div><div class=\"dipi-faq-entry\" data-entry-number=\"5\">\n                        <div class=\"dipi-faq-title\"><i class=\"dipi-faq-icon-open\">:<\/i><i class=\"dipi-faq-icon-closed\">7<\/i><span>Qual \u00e8 la differenza tra lenti polarizzate e lenti tradizionali?<\/span><\/div>\n                        <div class=\"dipi-faq-content\"><p>Le lenti polarizzate riducono i riflessi generati da superfici come acqua, neve e asfalto, migliorando il contrasto e rendendo la visione pi\u00f9 nitida e rilassata. Le lenti tradizionali, invece, offrono una valida protezione dal sole ma non eliminano i riflessi. Le lenti polarizzate sono particolarmente consigliate per la guida, gli sport all&#8217;aperto, il mare e la montagna.<\/p>\n<\/div>\n                    <\/div>\n\t\t\t<\/div><\/div>\n<\/div>\n<\/div>\n<\/div>","protected":false},"excerpt":{"rendered":"","protected":false},"author":1,"featured_media":0,"parent":0,"menu_order":0,"comment_status":"closed","ping_status":"closed","template":"","meta":{"footnotes":""},"dipi_cpt_category":[],"class_list":["post-27005659","page","type-page","status-publish","hentry"],"_links":{"self":[{"href":"https:\/\/otticarepetti.sviluppo.host\/index.php\/wp-json\/wp\/v2\/pages\/27005659","targetHints":{"allow":["GET"]}}],"collection":[{"href":"https:\/\/otticarepetti.sviluppo.host\/index.php\/wp-json\/wp\/v2\/pages"}],"about":[{"href":"https:\/\/otticarepetti.sviluppo.host\/index.php\/wp-json\/wp\/v2\/types\/page"}],"author":[{"embeddable":true,"href":"https:\/\/otticarepetti.sviluppo.host\/index.php\/wp-json\/wp\/v2\/users\/1"}],"replies":[{"embeddable":true,"href":"https:\/\/otticarepetti.sviluppo.host\/index.php\/wp-json\/wp\/v2\/comments?post=27005659"}],"version-history":[{"count":23,"href":"https:\/\/otticarepetti.sviluppo.host\/index.php\/wp-json\/wp\/v2\/pages\/27005659\/revisions"}],"predecessor-version":[{"id":27005924,"href":"https:\/\/otticarepetti.sviluppo.host\/index.php\/wp-json\/wp\/v2\/pages\/27005659\/revisions\/27005924"}],"wp:attachment":[{"href":"https:\/\/otticarepetti.sviluppo.host\/index.php\/wp-json\/wp\/v2\/media?parent=27005659"}],"wp:term":[{"taxonomy":"dipi_cpt_category","embeddable":true,"href":"https:\/\/otticarepetti.sviluppo.host\/index.php\/wp-json\/wp\/v2\/dipi_cpt_category?post=27005659"}],"curies":[{"name":"wp","href":"https:\/\/api.w.org\/{rel}","templated":true}]}}